{"id":2886,"date":"2020-03-16T01:30:36","date_gmt":"2020-03-16T05:30:36","guid":{"rendered":"https:\/\/esthetiquenovani.com\/produit\/esthewhite-creme-illuminatrice-jeunesse\/"},"modified":"2026-01-06T17:24:35","modified_gmt":"2026-01-06T22:24:35","slug":"esthewhite-creme-illuminatrice-jeunesse","status":"publish","type":"product","link":"https:\/\/esthetiquenovani.com\/en\/boutique\/gammes\/esthederm-meilleures-cremes-anti-rides-estheticienne-longueuil\/cremes-gels-et-baumes\/esthewhite-creme-illuminatrice-jeunesse\/","title":{"rendered":"Esthederm &#8211; EstheWhite &#8211; Cr\u00e8me Illuminatrice Jeunesse"},"content":{"rendered":"<p>La ligne de soins ESTHE-WHITE apporte une r\u00e9ponse \u00e0 toutes les probl\u00e9matiques de perfection du teint. Un r\u00e9sultat haute pr\u00e9cision pour une peau lumineuse, un teint plus uniforme et une finesse de grain unique.<\/p>\n","protected":false},"excerpt":{"rendered":"<p>&nbsp;<\/p>\n<p>Cr\u00e8me hydratante qui permet une r\u00e9duction visible de l\u2019apparence des taches pigmentaires.\u00a0 Le teint para\u00eet plus clair et plus uniforme. Rides et ridules apparaissent att\u00e9nu\u00e9es.<\/p>\n<div class=\"product__collapse \">\n<p>&nbsp;<\/p>\n<p class=\"h5\">CONSEILS D&#8217;APPLICATION<\/p>\n<div id=\"benefits-dapplication\" class=\"product__collapse-panel\">\n<p>Appliquer le matin sur le visage, le cou et le d\u00e9collet\u00e9. Peut \u00eatre utilis\u00e9 seul ou en compl\u00e9ment des soins de la gamme Esthe-White.<\/p>\n<\/div>\n<\/div>\n","protected":false},"featured_media":4956,"template":"","meta":{"_et_pb_use_builder":"","_et_pb_old_content":"","_et_gb_content_width":""},"product_brand":[],"product_cat":[99,62,50,60,53],"product_tag":[],"class_list":{"0":"post-2886","1":"product","2":"type-product","3":"status-publish","4":"has-post-thumbnail","6":"product_cat-cremes-gels-et-baumes","7":"product_cat-cremes","8":"product_cat-esthederm-meilleures-cremes-anti-rides-estheticienne-longueuil","9":"product_cat-rides-installees-et-perte-de-fermete","10":"product_cat-taches-pigmentaires-et-teint-terne","12":"first","13":"instock","14":"taxable","15":"shipping-taxable","16":"purchasable","17":"product-type-simple"},"yoast_head":"<!-- This site is optimized with the Yoast SEO plugin v27.5 - https:\/\/yoast.com\/product\/yoast-seo-wordpress\/ -->\n<title>Esthederm | anti-tache\/beau teint | Vente en ligne | Esth\u00e9ticienne Longueuil<\/title>\n<meta name=\"description\" content=\"la ligne de soins ESTHE-WHITE apporte une r\u00e9ponse \u00e0 toutes les probl\u00e9matiques de perfection du teint. Taches brunes, teint brouill\u00e9, terne\" \/>\n<meta name=\"robots\" content=\"index, follow, max-snippet:-1, max-image-preview:large, max-video-preview:-1\" \/>\n<link rel=\"canonical\" href=\"https:\/\/esthetiquenovani.com\/boutique\/gammes\/esthederm-meilleures-cremes-anti-rides-estheticienne-longueuil\/cremes-gels-et-baumes\/esthewhite-creme-illuminatrice-jeunesse\/\" \/>\n<meta property=\"og:locale\" content=\"en_US\" \/>\n<meta property=\"og:type\" content=\"article\" \/>\n<meta property=\"og:title\" content=\"Esthederm | anti-tache\/beau teint | Vente en ligne | Esth\u00e9ticienne Longueuil\" \/>\n<meta property=\"og:description\" content=\"la ligne de soins ESTHE-WHITE apporte une r\u00e9ponse \u00e0 toutes les probl\u00e9matiques de perfection du teint. Taches brunes, teint brouill\u00e9, terne\" \/>\n<meta property=\"og:url\" content=\"https:\/\/esthetiquenovani.com\/boutique\/gammes\/esthederm-meilleures-cremes-anti-rides-estheticienne-longueuil\/cremes-gels-et-baumes\/esthewhite-creme-illuminatrice-jeunesse\/\" \/>\n<meta property=\"og:site_name\" content=\"Clinique d&#039;Esth&eacute;tique Novani\" \/>\n<meta property=\"article:publisher\" content=\"https:\/\/www.facebook.com\/esthetiquehturcotte\" \/>\n<meta property=\"article:modified_time\" content=\"2026-01-06T22:24:35+00:00\" \/>\n<meta property=\"og:image\" content=\"https:\/\/esthetiquenovani.com\/wp-content\/uploads\/2020\/06\/esthewhite_cremejour-1080x1080-1.jpg\" \/>\n\t<meta property=\"og:image:width\" content=\"1080\" \/>\n\t<meta property=\"og:image:height\" content=\"1080\" \/>\n\t<meta property=\"og:image:type\" content=\"image\/jpeg\" \/>\n<meta name=\"twitter:card\" content=\"summary_large_image\" \/>\n<script type=\"application\/ld+json\" class=\"yoast-schema-graph\">{\"@context\":\"https:\\\/\\\/schema.org\",\"@graph\":[{\"@type\":\"WebPage\",\"@id\":\"https:\\\/\\\/esthetiquenovani.com\\\/boutique\\\/gammes\\\/esthederm-meilleures-cremes-anti-rides-estheticienne-longueuil\\\/cremes-gels-et-baumes\\\/esthewhite-creme-illuminatrice-jeunesse\\\/\",\"url\":\"https:\\\/\\\/esthetiquenovani.com\\\/boutique\\\/gammes\\\/esthederm-meilleures-cremes-anti-rides-estheticienne-longueuil\\\/cremes-gels-et-baumes\\\/esthewhite-creme-illuminatrice-jeunesse\\\/\",\"name\":\"Esthederm | anti-tache\\\/beau teint | Vente en ligne | Esth\u00e9ticienne Longueuil\",\"isPartOf\":{\"@id\":\"https:\\\/\\\/esthetiquenovani.com\\\/#website\"},\"primaryImageOfPage\":{\"@id\":\"https:\\\/\\\/esthetiquenovani.com\\\/boutique\\\/gammes\\\/esthederm-meilleures-cremes-anti-rides-estheticienne-longueuil\\\/cremes-gels-et-baumes\\\/esthewhite-creme-illuminatrice-jeunesse\\\/#primaryimage\"},\"image\":{\"@id\":\"https:\\\/\\\/esthetiquenovani.com\\\/boutique\\\/gammes\\\/esthederm-meilleures-cremes-anti-rides-estheticienne-longueuil\\\/cremes-gels-et-baumes\\\/esthewhite-creme-illuminatrice-jeunesse\\\/#primaryimage\"},\"thumbnailUrl\":\"https:\\\/\\\/esthetiquenovani.com\\\/wp-content\\\/uploads\\\/2020\\\/06\\\/esthewhite_cremejour-1080x1080-1.jpg\",\"datePublished\":\"2020-03-16T05:30:36+00:00\",\"dateModified\":\"2026-01-06T22:24:35+00:00\",\"description\":\"la ligne de soins ESTHE-WHITE apporte une r\u00e9ponse \u00e0 toutes les probl\u00e9matiques de perfection du teint. Taches brunes, teint brouill\u00e9, terne\",\"breadcrumb\":{\"@id\":\"https:\\\/\\\/esthetiquenovani.com\\\/boutique\\\/gammes\\\/esthederm-meilleures-cremes-anti-rides-estheticienne-longueuil\\\/cremes-gels-et-baumes\\\/esthewhite-creme-illuminatrice-jeunesse\\\/#breadcrumb\"},\"inLanguage\":\"en-US\",\"potentialAction\":[{\"@type\":\"ReadAction\",\"target\":[\"https:\\\/\\\/esthetiquenovani.com\\\/boutique\\\/gammes\\\/esthederm-meilleures-cremes-anti-rides-estheticienne-longueuil\\\/cremes-gels-et-baumes\\\/esthewhite-creme-illuminatrice-jeunesse\\\/\"]}]},{\"@type\":\"ImageObject\",\"inLanguage\":\"en-US\",\"@id\":\"https:\\\/\\\/esthetiquenovani.com\\\/boutique\\\/gammes\\\/esthederm-meilleures-cremes-anti-rides-estheticienne-longueuil\\\/cremes-gels-et-baumes\\\/esthewhite-creme-illuminatrice-jeunesse\\\/#primaryimage\",\"url\":\"https:\\\/\\\/esthetiquenovani.com\\\/wp-content\\\/uploads\\\/2020\\\/06\\\/esthewhite_cremejour-1080x1080-1.jpg\",\"contentUrl\":\"https:\\\/\\\/esthetiquenovani.com\\\/wp-content\\\/uploads\\\/2020\\\/06\\\/esthewhite_cremejour-1080x1080-1.jpg\",\"width\":1080,\"height\":1080,\"caption\":\"Esthederm - EstheWhite - Cr\u00e8me illuminatrice jeunesse\"},{\"@type\":\"BreadcrumbList\",\"@id\":\"https:\\\/\\\/esthetiquenovani.com\\\/boutique\\\/gammes\\\/esthederm-meilleures-cremes-anti-rides-estheticienne-longueuil\\\/cremes-gels-et-baumes\\\/esthewhite-creme-illuminatrice-jeunesse\\\/#breadcrumb\",\"itemListElement\":[{\"@type\":\"ListItem\",\"position\":1,\"name\":\"Accueil\",\"item\":\"https:\\\/\\\/esthetiquenovani.com\\\/en\\\/\"},{\"@type\":\"ListItem\",\"position\":2,\"name\":\"Boutique\",\"item\":\"https:\\\/\\\/esthetiquenovani.com\\\/boutique\\\/\"},{\"@type\":\"ListItem\",\"position\":3,\"name\":\"Esthederm &#8211; EstheWhite &#8211; Cr\u00e8me Illuminatrice Jeunesse\"}]},{\"@type\":\"WebSite\",\"@id\":\"https:\\\/\\\/esthetiquenovani.com\\\/#website\",\"url\":\"https:\\\/\\\/esthetiquenovani.com\\\/\",\"name\":\"Clinique d'Esth&eacute;tique Novani\",\"description\":\"Brossard, Longueil &amp; Chambly\",\"publisher\":{\"@id\":\"https:\\\/\\\/esthetiquenovani.com\\\/#organization\"},\"potentialAction\":[{\"@type\":\"SearchAction\",\"target\":{\"@type\":\"EntryPoint\",\"urlTemplate\":\"https:\\\/\\\/esthetiquenovani.com\\\/?s={search_term_string}\"},\"query-input\":{\"@type\":\"PropertyValueSpecification\",\"valueRequired\":true,\"valueName\":\"search_term_string\"}}],\"inLanguage\":\"en-US\"},{\"@type\":\"Organization\",\"@id\":\"https:\\\/\\\/esthetiquenovani.com\\\/#organization\",\"name\":\"Esth\u00e9tique Huguette Turcotte\",\"url\":\"https:\\\/\\\/esthetiquenovani.com\\\/\",\"logo\":{\"@type\":\"ImageObject\",\"inLanguage\":\"en-US\",\"@id\":\"https:\\\/\\\/esthetiquenovani.com\\\/#\\\/schema\\\/logo\\\/image\\\/\",\"url\":\"https:\\\/\\\/esthetiquenovani.com\\\/wp-content\\\/uploads\\\/2018\\\/01\\\/qui-sommes-nous.jpg\",\"contentUrl\":\"https:\\\/\\\/esthetiquenovani.com\\\/wp-content\\\/uploads\\\/2018\\\/01\\\/qui-sommes-nous.jpg\",\"width\":637,\"height\":425,\"caption\":\"Esth\u00e9tique Huguette Turcotte\"},\"image\":{\"@id\":\"https:\\\/\\\/esthetiquenovani.com\\\/#\\\/schema\\\/logo\\\/image\\\/\"},\"sameAs\":[\"https:\\\/\\\/www.facebook.com\\\/esthetiquehturcotte\"]}]}<\/script>\n<!-- \/ Yoast SEO plugin. -->","yoast_head_json":{"title":"Esthederm | anti-tache\/beau teint | Vente en ligne | Esth\u00e9ticienne Longueuil","description":"la ligne de soins ESTHE-WHITE apporte une r\u00e9ponse \u00e0 toutes les probl\u00e9matiques de perfection du teint. Taches brunes, teint brouill\u00e9, terne","robots":{"index":"index","follow":"follow","max-snippet":"max-snippet:-1","max-image-preview":"max-image-preview:large","max-video-preview":"max-video-preview:-1"},"canonical":"https:\/\/esthetiquenovani.com\/boutique\/gammes\/esthederm-meilleures-cremes-anti-rides-estheticienne-longueuil\/cremes-gels-et-baumes\/esthewhite-creme-illuminatrice-jeunesse\/","og_locale":"en_US","og_type":"article","og_title":"Esthederm | anti-tache\/beau teint | Vente en ligne | Esth\u00e9ticienne Longueuil","og_description":"la ligne de soins ESTHE-WHITE apporte une r\u00e9ponse \u00e0 toutes les probl\u00e9matiques de perfection du teint. Taches brunes, teint brouill\u00e9, terne","og_url":"https:\/\/esthetiquenovani.com\/boutique\/gammes\/esthederm-meilleures-cremes-anti-rides-estheticienne-longueuil\/cremes-gels-et-baumes\/esthewhite-creme-illuminatrice-jeunesse\/","og_site_name":"Clinique d'Esth&eacute;tique Novani","article_publisher":"https:\/\/www.facebook.com\/esthetiquehturcotte","article_modified_time":"2026-01-06T22:24:35+00:00","og_image":[{"width":1080,"height":1080,"url":"https:\/\/esthetiquenovani.com\/wp-content\/uploads\/2020\/06\/esthewhite_cremejour-1080x1080-1.jpg","type":"image\/jpeg"}],"twitter_card":"summary_large_image","schema":{"@context":"https:\/\/schema.org","@graph":[{"@type":"WebPage","@id":"https:\/\/esthetiquenovani.com\/boutique\/gammes\/esthederm-meilleures-cremes-anti-rides-estheticienne-longueuil\/cremes-gels-et-baumes\/esthewhite-creme-illuminatrice-jeunesse\/","url":"https:\/\/esthetiquenovani.com\/boutique\/gammes\/esthederm-meilleures-cremes-anti-rides-estheticienne-longueuil\/cremes-gels-et-baumes\/esthewhite-creme-illuminatrice-jeunesse\/","name":"Esthederm | anti-tache\/beau teint | Vente en ligne | Esth\u00e9ticienne Longueuil","isPartOf":{"@id":"https:\/\/esthetiquenovani.com\/#website"},"primaryImageOfPage":{"@id":"https:\/\/esthetiquenovani.com\/boutique\/gammes\/esthederm-meilleures-cremes-anti-rides-estheticienne-longueuil\/cremes-gels-et-baumes\/esthewhite-creme-illuminatrice-jeunesse\/#primaryimage"},"image":{"@id":"https:\/\/esthetiquenovani.com\/boutique\/gammes\/esthederm-meilleures-cremes-anti-rides-estheticienne-longueuil\/cremes-gels-et-baumes\/esthewhite-creme-illuminatrice-jeunesse\/#primaryimage"},"thumbnailUrl":"https:\/\/esthetiquenovani.com\/wp-content\/uploads\/2020\/06\/esthewhite_cremejour-1080x1080-1.jpg","datePublished":"2020-03-16T05:30:36+00:00","dateModified":"2026-01-06T22:24:35+00:00","description":"la ligne de soins ESTHE-WHITE apporte une r\u00e9ponse \u00e0 toutes les probl\u00e9matiques de perfection du teint. Taches brunes, teint brouill\u00e9, terne","breadcrumb":{"@id":"https:\/\/esthetiquenovani.com\/boutique\/gammes\/esthederm-meilleures-cremes-anti-rides-estheticienne-longueuil\/cremes-gels-et-baumes\/esthewhite-creme-illuminatrice-jeunesse\/#breadcrumb"},"inLanguage":"en-US","potentialAction":[{"@type":"ReadAction","target":["https:\/\/esthetiquenovani.com\/boutique\/gammes\/esthederm-meilleures-cremes-anti-rides-estheticienne-longueuil\/cremes-gels-et-baumes\/esthewhite-creme-illuminatrice-jeunesse\/"]}]},{"@type":"ImageObject","inLanguage":"en-US","@id":"https:\/\/esthetiquenovani.com\/boutique\/gammes\/esthederm-meilleures-cremes-anti-rides-estheticienne-longueuil\/cremes-gels-et-baumes\/esthewhite-creme-illuminatrice-jeunesse\/#primaryimage","url":"https:\/\/esthetiquenovani.com\/wp-content\/uploads\/2020\/06\/esthewhite_cremejour-1080x1080-1.jpg","contentUrl":"https:\/\/esthetiquenovani.com\/wp-content\/uploads\/2020\/06\/esthewhite_cremejour-1080x1080-1.jpg","width":1080,"height":1080,"caption":"Esthederm - EstheWhite - Cr\u00e8me illuminatrice jeunesse"},{"@type":"BreadcrumbList","@id":"https:\/\/esthetiquenovani.com\/boutique\/gammes\/esthederm-meilleures-cremes-anti-rides-estheticienne-longueuil\/cremes-gels-et-baumes\/esthewhite-creme-illuminatrice-jeunesse\/#breadcrumb","itemListElement":[{"@type":"ListItem","position":1,"name":"Accueil","item":"https:\/\/esthetiquenovani.com\/en\/"},{"@type":"ListItem","position":2,"name":"Boutique","item":"https:\/\/esthetiquenovani.com\/boutique\/"},{"@type":"ListItem","position":3,"name":"Esthederm &#8211; EstheWhite &#8211; Cr\u00e8me Illuminatrice Jeunesse"}]},{"@type":"WebSite","@id":"https:\/\/esthetiquenovani.com\/#website","url":"https:\/\/esthetiquenovani.com\/","name":"Clinique d'Esth&eacute;tique Novani","description":"Brossard, Longueil &amp; Chambly","publisher":{"@id":"https:\/\/esthetiquenovani.com\/#organization"},"potentialAction":[{"@type":"SearchAction","target":{"@type":"EntryPoint","urlTemplate":"https:\/\/esthetiquenovani.com\/?s={search_term_string}"},"query-input":{"@type":"PropertyValueSpecification","valueRequired":true,"valueName":"search_term_string"}}],"inLanguage":"en-US"},{"@type":"Organization","@id":"https:\/\/esthetiquenovani.com\/#organization","name":"Esth\u00e9tique Huguette Turcotte","url":"https:\/\/esthetiquenovani.com\/","logo":{"@type":"ImageObject","inLanguage":"en-US","@id":"https:\/\/esthetiquenovani.com\/#\/schema\/logo\/image\/","url":"https:\/\/esthetiquenovani.com\/wp-content\/uploads\/2018\/01\/qui-sommes-nous.jpg","contentUrl":"https:\/\/esthetiquenovani.com\/wp-content\/uploads\/2018\/01\/qui-sommes-nous.jpg","width":637,"height":425,"caption":"Esth\u00e9tique Huguette Turcotte"},"image":{"@id":"https:\/\/esthetiquenovani.com\/#\/schema\/logo\/image\/"},"sameAs":["https:\/\/www.facebook.com\/esthetiquehturcotte"]}]}},"_links":{"self":[{"href":"https:\/\/esthetiquenovani.com\/en\/wp-json\/wp\/v2\/product\/2886","targetHints":{"allow":["GET"]}}],"collection":[{"href":"https:\/\/esthetiquenovani.com\/en\/wp-json\/wp\/v2\/product"}],"about":[{"href":"https:\/\/esthetiquenovani.com\/en\/wp-json\/wp\/v2\/types\/product"}],"wp:featuredmedia":[{"embeddable":true,"href":"https:\/\/esthetiquenovani.com\/en\/wp-json\/wp\/v2\/media\/4956"}],"wp:attachment":[{"href":"https:\/\/esthetiquenovani.com\/en\/wp-json\/wp\/v2\/media?parent=2886"}],"wp:term":[{"taxonomy":"product_brand","embeddable":true,"href":"https:\/\/esthetiquenovani.com\/en\/wp-json\/wp\/v2\/product_brand?post=2886"},{"taxonomy":"product_cat","embeddable":true,"href":"https:\/\/esthetiquenovani.com\/en\/wp-json\/wp\/v2\/product_cat?post=2886"},{"taxonomy":"product_tag","embeddable":true,"href":"https:\/\/esthetiquenovani.com\/en\/wp-json\/wp\/v2\/product_tag?post=2886"}],"curies":[{"name":"wp","href":"https:\/\/api.w.org\/{rel}","templated":true}]}}