{"id":3218,"date":"2020-03-21T17:30:56","date_gmt":"2020-03-21T21:30:56","guid":{"rendered":"https:\/\/esthetiquenovani.com\/produit\/excellience-nuit-soin-createur-de-jeunesse\/"},"modified":"2026-02-05T10:43:08","modified_gmt":"2026-02-05T15:43:08","slug":"excellience-nuit-soin-createur-de-jeunesse","status":"publish","type":"product","link":"https:\/\/esthetiquenovani.com\/en\/boutique\/gammes\/laboratoire-dr-renaud\/4-cremes-de-jour-et-de-nuit\/excellience-nuit-soin-createur-de-jeunesse\/","title":{"rendered":"Dr Renaud &#8211;  ExCellience \u2013 Nuit AVEC TECHNOLOGIE M2PE \u2013 Soin cr\u00e9ateur de jeunesse"},"content":{"rendered":"<p>Votre sommeil n\u2019aura jamais \u00e9t\u00e9 aussi r\u00e9parateur! ExCellience Soin cr\u00e9ateur de jeunesse Nuit fait appel aux sirtuines \u2013 gardiennes de long\u00e9vit\u00e9 pr\u00e9sentes au sein de nos cellules cutan\u00e9es \u2013 qui permettent de lutter contre les signes de l\u2019\u00e2ge, principalement les rides, le rel\u00e2chement cutan\u00e9 et la perte d\u2019\u00e9clat.<\/p>\n","protected":false},"excerpt":{"rendered":"<ul>\n<li>Aide \u00e0 vitaliser et \u00e0 prot\u00e9ger les cellules souches<\/li>\n<li>Aide \u00e0 stimuler les prot\u00e9ines de long\u00e9vit\u00e9<\/li>\n<li>Prot\u00e8ge la peau des agresseurs environnementaux<\/li>\n<li>Aide \u00e0 pr\u00e9venir la destruction du collag\u00e8ne<\/li>\n<\/ul>\n<p>Gr\u00e2ce \u00e0 un extrait de riz aux propri\u00e9t\u00e9s exceptionnelles, l\u2019expression des sirtuines est relanc\u00e9e et la dur\u00e9e de vie de chaque cellule est accrue \u2013 les effets du temps sont ralentis et la peau reste jeune plus longtemps. Liss\u00e9e de l\u2019int\u00e9rieur, elle retrouve son \u00e9lasticit\u00e9 et sa tonicit\u00e9. Les rides s\u2019estompent consid\u00e9rablement jour apr\u00e8s jour.<\/p>\n<table class=\"table\">\n<tbody>\n<tr>\n<td>Conseils d&#8217;utilisation<\/td>\n<td>Le soir, sur une peau parfaitement nettoy\u00e9e, appliquer en petite quantit\u00e9 sur le visage et le cou. Faire p\u00e9n\u00e9trer par de l\u00e9gers effleurages. Le matin, pour des r\u00e9sultats optimaux, nous recommandons l\u2019utilisation d\u2019ExCellience Soin cr\u00e9ateur de jeunesse \u2013 Jour.<\/td>\n<\/tr>\n<tr>\n<td>Format du produit<\/td>\n<td>50 ml<\/td>\n<\/tr>\n<\/tbody>\n<\/table>\n","protected":false},"featured_media":7618,"template":"","meta":{"_et_pb_use_builder":"off","_et_pb_old_content":"","_et_gb_content_width":""},"product_brand":[],"product_cat":[109,62,68,60],"product_tag":[],"class_list":{"0":"post-3218","1":"product","2":"type-product","3":"status-publish","4":"has-post-thumbnail","6":"product_cat-4-cremes-de-jour-et-de-nuit","7":"product_cat-cremes","8":"product_cat-laboratoire-dr-renaud","9":"product_cat-rides-installees-et-perte-de-fermete","11":"first","12":"instock","13":"taxable","14":"shipping-taxable","15":"purchasable","16":"product-type-simple"},"yoast_head":"<!-- This site is optimized with the Yoast SEO plugin v27.5 - https:\/\/yoast.com\/product\/yoast-seo-wordpress\/ -->\n<title>Cr\u00e8me anti-ride et anti-\u00e2ge - boutique en ligne - esth\u00e9ticienne Longueuil<\/title>\n<meta name=\"description\" content=\"Cr\u00e8me de soin anti-ride. Lisse la peau, redonne \u00e9lasticit\u00e9 et tonicit\u00e9. Les rides s\u2019estompent consid\u00e9rablement jour apr\u00e8s jour.\" \/>\n<meta name=\"robots\" content=\"index, follow, max-snippet:-1, max-image-preview:large, max-video-preview:-1\" \/>\n<link rel=\"canonical\" href=\"https:\/\/esthetiquenovani.com\/boutique\/gammes\/laboratoire-dr-renaud\/4-cremes-de-jour-et-de-nuit\/excellience-nuit-soin-createur-de-jeunesse\/\" \/>\n<meta property=\"og:locale\" content=\"en_US\" \/>\n<meta property=\"og:type\" content=\"article\" \/>\n<meta property=\"og:title\" content=\"Cr\u00e8me anti-ride et anti-\u00e2ge - boutique en ligne - esth\u00e9ticienne Longueuil\" \/>\n<meta property=\"og:description\" content=\"Cr\u00e8me de soin anti-ride. Lisse la peau, redonne \u00e9lasticit\u00e9 et tonicit\u00e9. Les rides s\u2019estompent consid\u00e9rablement jour apr\u00e8s jour.\" \/>\n<meta property=\"og:url\" content=\"https:\/\/esthetiquenovani.com\/boutique\/gammes\/laboratoire-dr-renaud\/4-cremes-de-jour-et-de-nuit\/excellience-nuit-soin-createur-de-jeunesse\/\" \/>\n<meta property=\"og:site_name\" content=\"Clinique d&#039;Esth&eacute;tique Novani\" \/>\n<meta property=\"article:publisher\" content=\"https:\/\/www.facebook.com\/esthetiquehturcotte\" \/>\n<meta property=\"article:modified_time\" content=\"2026-02-05T15:43:08+00:00\" \/>\n<meta property=\"og:image\" content=\"https:\/\/esthetiquenovani.com\/wp-content\/uploads\/2020\/03\/50106612-ExCellienceNight_M2PE_50ml.jpg\" \/>\n\t<meta property=\"og:image:width\" content=\"1000\" \/>\n\t<meta property=\"og:image:height\" content=\"1000\" \/>\n\t<meta property=\"og:image:type\" content=\"image\/jpeg\" \/>\n<meta name=\"twitter:card\" content=\"summary_large_image\" \/>\n<meta name=\"twitter:label1\" content=\"Est. reading time\" \/>\n\t<meta name=\"twitter:data1\" content=\"1 minute\" \/>\n<script type=\"application\/ld+json\" class=\"yoast-schema-graph\">{\"@context\":\"https:\\\/\\\/schema.org\",\"@graph\":[{\"@type\":\"WebPage\",\"@id\":\"https:\\\/\\\/esthetiquenovani.com\\\/boutique\\\/gammes\\\/laboratoire-dr-renaud\\\/4-cremes-de-jour-et-de-nuit\\\/excellience-nuit-soin-createur-de-jeunesse\\\/\",\"url\":\"https:\\\/\\\/esthetiquenovani.com\\\/boutique\\\/gammes\\\/laboratoire-dr-renaud\\\/4-cremes-de-jour-et-de-nuit\\\/excellience-nuit-soin-createur-de-jeunesse\\\/\",\"name\":\"Cr\u00e8me anti-ride et anti-\u00e2ge - boutique en ligne - esth\u00e9ticienne Longueuil\",\"isPartOf\":{\"@id\":\"https:\\\/\\\/esthetiquenovani.com\\\/#website\"},\"primaryImageOfPage\":{\"@id\":\"https:\\\/\\\/esthetiquenovani.com\\\/boutique\\\/gammes\\\/laboratoire-dr-renaud\\\/4-cremes-de-jour-et-de-nuit\\\/excellience-nuit-soin-createur-de-jeunesse\\\/#primaryimage\"},\"image\":{\"@id\":\"https:\\\/\\\/esthetiquenovani.com\\\/boutique\\\/gammes\\\/laboratoire-dr-renaud\\\/4-cremes-de-jour-et-de-nuit\\\/excellience-nuit-soin-createur-de-jeunesse\\\/#primaryimage\"},\"thumbnailUrl\":\"https:\\\/\\\/esthetiquenovani.com\\\/wp-content\\\/uploads\\\/2020\\\/03\\\/50106612-ExCellienceNight_M2PE_50ml.jpg\",\"datePublished\":\"2020-03-21T21:30:56+00:00\",\"dateModified\":\"2026-02-05T15:43:08+00:00\",\"description\":\"Cr\u00e8me de soin anti-ride. Lisse la peau, redonne \u00e9lasticit\u00e9 et tonicit\u00e9. Les rides s\u2019estompent consid\u00e9rablement jour apr\u00e8s jour.\",\"breadcrumb\":{\"@id\":\"https:\\\/\\\/esthetiquenovani.com\\\/boutique\\\/gammes\\\/laboratoire-dr-renaud\\\/4-cremes-de-jour-et-de-nuit\\\/excellience-nuit-soin-createur-de-jeunesse\\\/#breadcrumb\"},\"inLanguage\":\"en-US\",\"potentialAction\":[{\"@type\":\"ReadAction\",\"target\":[\"https:\\\/\\\/esthetiquenovani.com\\\/boutique\\\/gammes\\\/laboratoire-dr-renaud\\\/4-cremes-de-jour-et-de-nuit\\\/excellience-nuit-soin-createur-de-jeunesse\\\/\"]}]},{\"@type\":\"ImageObject\",\"inLanguage\":\"en-US\",\"@id\":\"https:\\\/\\\/esthetiquenovani.com\\\/boutique\\\/gammes\\\/laboratoire-dr-renaud\\\/4-cremes-de-jour-et-de-nuit\\\/excellience-nuit-soin-createur-de-jeunesse\\\/#primaryimage\",\"url\":\"https:\\\/\\\/esthetiquenovani.com\\\/wp-content\\\/uploads\\\/2020\\\/03\\\/50106612-ExCellienceNight_M2PE_50ml.jpg\",\"contentUrl\":\"https:\\\/\\\/esthetiquenovani.com\\\/wp-content\\\/uploads\\\/2020\\\/03\\\/50106612-ExCellienceNight_M2PE_50ml.jpg\",\"width\":1000,\"height\":1000,\"caption\":\"Dr Renaud \u2013 Cr\u00e8me ExCellience \u2013 Nuit \u2013 Soin cr\u00e9ateur de jeunesse\"},{\"@type\":\"BreadcrumbList\",\"@id\":\"https:\\\/\\\/esthetiquenovani.com\\\/boutique\\\/gammes\\\/laboratoire-dr-renaud\\\/4-cremes-de-jour-et-de-nuit\\\/excellience-nuit-soin-createur-de-jeunesse\\\/#breadcrumb\",\"itemListElement\":[{\"@type\":\"ListItem\",\"position\":1,\"name\":\"Accueil\",\"item\":\"https:\\\/\\\/esthetiquenovani.com\\\/en\\\/\"},{\"@type\":\"ListItem\",\"position\":2,\"name\":\"Boutique\",\"item\":\"https:\\\/\\\/esthetiquenovani.com\\\/boutique\\\/\"},{\"@type\":\"ListItem\",\"position\":3,\"name\":\"Dr Renaud &#8211; ExCellience \u2013 Nuit AVEC TECHNOLOGIE M2PE \u2013 Soin cr\u00e9ateur de jeunesse\"}]},{\"@type\":\"WebSite\",\"@id\":\"https:\\\/\\\/esthetiquenovani.com\\\/#website\",\"url\":\"https:\\\/\\\/esthetiquenovani.com\\\/\",\"name\":\"Clinique d'Esth&eacute;tique Novani\",\"description\":\"Brossard, Longueil &amp; Chambly\",\"publisher\":{\"@id\":\"https:\\\/\\\/esthetiquenovani.com\\\/#organization\"},\"potentialAction\":[{\"@type\":\"SearchAction\",\"target\":{\"@type\":\"EntryPoint\",\"urlTemplate\":\"https:\\\/\\\/esthetiquenovani.com\\\/?s={search_term_string}\"},\"query-input\":{\"@type\":\"PropertyValueSpecification\",\"valueRequired\":true,\"valueName\":\"search_term_string\"}}],\"inLanguage\":\"en-US\"},{\"@type\":\"Organization\",\"@id\":\"https:\\\/\\\/esthetiquenovani.com\\\/#organization\",\"name\":\"Esth\u00e9tique Huguette Turcotte\",\"url\":\"https:\\\/\\\/esthetiquenovani.com\\\/\",\"logo\":{\"@type\":\"ImageObject\",\"inLanguage\":\"en-US\",\"@id\":\"https:\\\/\\\/esthetiquenovani.com\\\/#\\\/schema\\\/logo\\\/image\\\/\",\"url\":\"https:\\\/\\\/esthetiquenovani.com\\\/wp-content\\\/uploads\\\/2018\\\/01\\\/qui-sommes-nous.jpg\",\"contentUrl\":\"https:\\\/\\\/esthetiquenovani.com\\\/wp-content\\\/uploads\\\/2018\\\/01\\\/qui-sommes-nous.jpg\",\"width\":637,\"height\":425,\"caption\":\"Esth\u00e9tique Huguette Turcotte\"},\"image\":{\"@id\":\"https:\\\/\\\/esthetiquenovani.com\\\/#\\\/schema\\\/logo\\\/image\\\/\"},\"sameAs\":[\"https:\\\/\\\/www.facebook.com\\\/esthetiquehturcotte\"]}]}<\/script>\n<!-- \/ Yoast SEO plugin. -->","yoast_head_json":{"title":"Cr\u00e8me anti-ride et anti-\u00e2ge - boutique en ligne - esth\u00e9ticienne Longueuil","description":"Cr\u00e8me de soin anti-ride. Lisse la peau, redonne \u00e9lasticit\u00e9 et tonicit\u00e9. Les rides s\u2019estompent consid\u00e9rablement jour apr\u00e8s jour.","robots":{"index":"index","follow":"follow","max-snippet":"max-snippet:-1","max-image-preview":"max-image-preview:large","max-video-preview":"max-video-preview:-1"},"canonical":"https:\/\/esthetiquenovani.com\/boutique\/gammes\/laboratoire-dr-renaud\/4-cremes-de-jour-et-de-nuit\/excellience-nuit-soin-createur-de-jeunesse\/","og_locale":"en_US","og_type":"article","og_title":"Cr\u00e8me anti-ride et anti-\u00e2ge - boutique en ligne - esth\u00e9ticienne Longueuil","og_description":"Cr\u00e8me de soin anti-ride. Lisse la peau, redonne \u00e9lasticit\u00e9 et tonicit\u00e9. Les rides s\u2019estompent consid\u00e9rablement jour apr\u00e8s jour.","og_url":"https:\/\/esthetiquenovani.com\/boutique\/gammes\/laboratoire-dr-renaud\/4-cremes-de-jour-et-de-nuit\/excellience-nuit-soin-createur-de-jeunesse\/","og_site_name":"Clinique d'Esth&eacute;tique Novani","article_publisher":"https:\/\/www.facebook.com\/esthetiquehturcotte","article_modified_time":"2026-02-05T15:43:08+00:00","og_image":[{"width":1000,"height":1000,"url":"https:\/\/esthetiquenovani.com\/wp-content\/uploads\/2020\/03\/50106612-ExCellienceNight_M2PE_50ml.jpg","type":"image\/jpeg"}],"twitter_card":"summary_large_image","twitter_misc":{"Est. reading time":"1 minute"},"schema":{"@context":"https:\/\/schema.org","@graph":[{"@type":"WebPage","@id":"https:\/\/esthetiquenovani.com\/boutique\/gammes\/laboratoire-dr-renaud\/4-cremes-de-jour-et-de-nuit\/excellience-nuit-soin-createur-de-jeunesse\/","url":"https:\/\/esthetiquenovani.com\/boutique\/gammes\/laboratoire-dr-renaud\/4-cremes-de-jour-et-de-nuit\/excellience-nuit-soin-createur-de-jeunesse\/","name":"Cr\u00e8me anti-ride et anti-\u00e2ge - boutique en ligne - esth\u00e9ticienne Longueuil","isPartOf":{"@id":"https:\/\/esthetiquenovani.com\/#website"},"primaryImageOfPage":{"@id":"https:\/\/esthetiquenovani.com\/boutique\/gammes\/laboratoire-dr-renaud\/4-cremes-de-jour-et-de-nuit\/excellience-nuit-soin-createur-de-jeunesse\/#primaryimage"},"image":{"@id":"https:\/\/esthetiquenovani.com\/boutique\/gammes\/laboratoire-dr-renaud\/4-cremes-de-jour-et-de-nuit\/excellience-nuit-soin-createur-de-jeunesse\/#primaryimage"},"thumbnailUrl":"https:\/\/esthetiquenovani.com\/wp-content\/uploads\/2020\/03\/50106612-ExCellienceNight_M2PE_50ml.jpg","datePublished":"2020-03-21T21:30:56+00:00","dateModified":"2026-02-05T15:43:08+00:00","description":"Cr\u00e8me de soin anti-ride. Lisse la peau, redonne \u00e9lasticit\u00e9 et tonicit\u00e9. Les rides s\u2019estompent consid\u00e9rablement jour apr\u00e8s jour.","breadcrumb":{"@id":"https:\/\/esthetiquenovani.com\/boutique\/gammes\/laboratoire-dr-renaud\/4-cremes-de-jour-et-de-nuit\/excellience-nuit-soin-createur-de-jeunesse\/#breadcrumb"},"inLanguage":"en-US","potentialAction":[{"@type":"ReadAction","target":["https:\/\/esthetiquenovani.com\/boutique\/gammes\/laboratoire-dr-renaud\/4-cremes-de-jour-et-de-nuit\/excellience-nuit-soin-createur-de-jeunesse\/"]}]},{"@type":"ImageObject","inLanguage":"en-US","@id":"https:\/\/esthetiquenovani.com\/boutique\/gammes\/laboratoire-dr-renaud\/4-cremes-de-jour-et-de-nuit\/excellience-nuit-soin-createur-de-jeunesse\/#primaryimage","url":"https:\/\/esthetiquenovani.com\/wp-content\/uploads\/2020\/03\/50106612-ExCellienceNight_M2PE_50ml.jpg","contentUrl":"https:\/\/esthetiquenovani.com\/wp-content\/uploads\/2020\/03\/50106612-ExCellienceNight_M2PE_50ml.jpg","width":1000,"height":1000,"caption":"Dr Renaud \u2013 Cr\u00e8me ExCellience \u2013 Nuit \u2013 Soin cr\u00e9ateur de jeunesse"},{"@type":"BreadcrumbList","@id":"https:\/\/esthetiquenovani.com\/boutique\/gammes\/laboratoire-dr-renaud\/4-cremes-de-jour-et-de-nuit\/excellience-nuit-soin-createur-de-jeunesse\/#breadcrumb","itemListElement":[{"@type":"ListItem","position":1,"name":"Accueil","item":"https:\/\/esthetiquenovani.com\/en\/"},{"@type":"ListItem","position":2,"name":"Boutique","item":"https:\/\/esthetiquenovani.com\/boutique\/"},{"@type":"ListItem","position":3,"name":"Dr Renaud &#8211; ExCellience \u2013 Nuit AVEC TECHNOLOGIE M2PE \u2013 Soin cr\u00e9ateur de jeunesse"}]},{"@type":"WebSite","@id":"https:\/\/esthetiquenovani.com\/#website","url":"https:\/\/esthetiquenovani.com\/","name":"Clinique d'Esth&eacute;tique Novani","description":"Brossard, Longueil &amp; Chambly","publisher":{"@id":"https:\/\/esthetiquenovani.com\/#organization"},"potentialAction":[{"@type":"SearchAction","target":{"@type":"EntryPoint","urlTemplate":"https:\/\/esthetiquenovani.com\/?s={search_term_string}"},"query-input":{"@type":"PropertyValueSpecification","valueRequired":true,"valueName":"search_term_string"}}],"inLanguage":"en-US"},{"@type":"Organization","@id":"https:\/\/esthetiquenovani.com\/#organization","name":"Esth\u00e9tique Huguette Turcotte","url":"https:\/\/esthetiquenovani.com\/","logo":{"@type":"ImageObject","inLanguage":"en-US","@id":"https:\/\/esthetiquenovani.com\/#\/schema\/logo\/image\/","url":"https:\/\/esthetiquenovani.com\/wp-content\/uploads\/2018\/01\/qui-sommes-nous.jpg","contentUrl":"https:\/\/esthetiquenovani.com\/wp-content\/uploads\/2018\/01\/qui-sommes-nous.jpg","width":637,"height":425,"caption":"Esth\u00e9tique Huguette Turcotte"},"image":{"@id":"https:\/\/esthetiquenovani.com\/#\/schema\/logo\/image\/"},"sameAs":["https:\/\/www.facebook.com\/esthetiquehturcotte"]}]}},"_links":{"self":[{"href":"https:\/\/esthetiquenovani.com\/en\/wp-json\/wp\/v2\/product\/3218","targetHints":{"allow":["GET"]}}],"collection":[{"href":"https:\/\/esthetiquenovani.com\/en\/wp-json\/wp\/v2\/product"}],"about":[{"href":"https:\/\/esthetiquenovani.com\/en\/wp-json\/wp\/v2\/types\/product"}],"wp:featuredmedia":[{"embeddable":true,"href":"https:\/\/esthetiquenovani.com\/en\/wp-json\/wp\/v2\/media\/7618"}],"wp:attachment":[{"href":"https:\/\/esthetiquenovani.com\/en\/wp-json\/wp\/v2\/media?parent=3218"}],"wp:term":[{"taxonomy":"product_brand","embeddable":true,"href":"https:\/\/esthetiquenovani.com\/en\/wp-json\/wp\/v2\/product_brand?post=3218"},{"taxonomy":"product_cat","embeddable":true,"href":"https:\/\/esthetiquenovani.com\/en\/wp-json\/wp\/v2\/product_cat?post=3218"},{"taxonomy":"product_tag","embeddable":true,"href":"https:\/\/esthetiquenovani.com\/en\/wp-json\/wp\/v2\/product_tag?post=3218"}],"curies":[{"name":"wp","href":"https:\/\/api.w.org\/{rel}","templated":true}]}}