{"id":3222,"date":"2020-03-21T17:41:06","date_gmt":"2020-03-21T21:41:06","guid":{"rendered":"https:\/\/esthetiquenovani.com\/produit\/excellience-masque-tissu-liftant-defatiguant\/"},"modified":"2026-02-05T11:01:17","modified_gmt":"2026-02-05T16:01:17","slug":"excellience-masque-tissu-liftant-defatiguant","status":"publish","type":"product","link":"https:\/\/esthetiquenovani.com\/en\/boutique\/gammes\/laboratoire-dr-renaud\/5-masques\/excellience-masque-tissu-liftant-defatiguant\/","title":{"rendered":"Dr Renaud \u2013 ExCellience \u2013 Masque tissu \u00ab liftant \u00bb d\u00e9fatiguant"},"content":{"rendered":"","protected":false},"excerpt":{"rendered":"<div><span style=\"font-family: Verdana\">Un masque \u00ab liftant \u00bb innovateur qui \u00e9pouse parfaitement les contours du visage et du menton pour une peau repulp\u00e9e, \u00e9nergis\u00e9e, fra\u00eeche et radieuse.<\/span><\/div>\n<div><span style=\"font-family: Verdana\">\u00a0<\/span><\/div>\n<div><span style=\"font-family: Verdana\">Il renferme un cocktail d\u2019actifs performants qui :<\/span><\/div>\n<ul>\n<li><span style=\"font-family: Verdana\">Retend les traits et red\u00e9finit les contours<\/span><\/li>\n<li><span style=\"font-family: Verdana\">Att\u00e9nue les marques de fatigue<\/span><\/li>\n<li><span style=\"font-family: Verdana\">Lisse les rides et les ridules<\/span><\/li>\n<\/ul>\n<div><span style=\"font-family: Verdana\"><b>\u00a0<\/b><\/span><\/div>\n<div>\n<div><span style=\"font-family: Verdana\"><b>Conseils d&#8217;utilisation:<\/b><\/span><\/div>\n<ol>\n<li><span style=\"font-family: Verdana\">Nettoyer minutieusement le visage et le cou.\u00a0<\/span><\/li>\n<li><span style=\"font-family: Verdana\">D\u00e9plier le masque.\u00a0<\/span><\/li>\n<li><span style=\"font-family: Verdana\">Appliquer la surface la plus importante sur la totalit\u00e9 du visage et la fixer en accrochant les encoches derri\u00e8re les oreilles. Ajuster la partie inf\u00e9rieure au menton et la fixer \u00e9galement derri\u00e8re les oreilles.\u00a0<\/span><\/li>\n<li><span style=\"font-family: Verdana\">Laisser poser 15 minutes. Retirer le masque et faire p\u00e9n\u00e9trer l\u2019exc\u00e9dent. Ne pas rincer.<\/span><\/li>\n<\/ol>\n<\/div>\n<div><span style=\"font-family: Verdana\">\u00a0<\/span><span style=\"font-family: Verdana\">1 masque par enveloppe<\/span><\/div>\n","protected":false},"featured_media":4978,"template":"","meta":{"_et_pb_use_builder":"","_et_pb_old_content":"","_et_gb_content_width":""},"product_brand":[],"product_cat":[110,68,64,56,71,60],"product_tag":[],"class_list":{"0":"post-3222","1":"product","2":"type-product","3":"status-publish","4":"has-post-thumbnail","6":"product_cat-5-masques","7":"product_cat-laboratoire-dr-renaud","8":"product_cat-masques-et-huiles","9":"product_cat-premiers-signes-de-lage","10":"product_cat-promotions","11":"product_cat-rides-installees-et-perte-de-fermete","13":"first","14":"instock","15":"featured","16":"taxable","17":"shipping-taxable","18":"purchasable","19":"product-type-simple"},"yoast_head":"<!-- This site is optimized with the Yoast SEO plugin v27.5 - https:\/\/yoast.com\/product\/yoast-seo-wordpress\/ -->\n<title>Masque tissu anti-\u00e2ge liftant - Laboratoire Dr Renaud - #achatlocal<\/title>\n<meta name=\"description\" content=\"Masque imbib\u00e9 d&#039;ingr\u00e9dients actifs tr\u00e8s concentr\u00e9s. Pratique, facile d&#039;utilisation et parfaitement dos\u00e9. Effet d\u00e9fatiguant et \u00c9clat imm\u00e9diats\" \/>\n<meta name=\"robots\" content=\"index, follow, max-snippet:-1, max-image-preview:large, max-video-preview:-1\" \/>\n<link rel=\"canonical\" href=\"https:\/\/esthetiquenovani.com\/boutique\/gammes\/laboratoire-dr-renaud\/5-masques\/excellience-masque-tissu-liftant-defatiguant\/\" \/>\n<meta property=\"og:locale\" content=\"en_US\" \/>\n<meta property=\"og:type\" content=\"article\" \/>\n<meta property=\"og:title\" content=\"Masque tissu anti-\u00e2ge liftant - Laboratoire Dr Renaud - #achatlocal\" \/>\n<meta property=\"og:description\" content=\"Masque imbib\u00e9 d&#039;ingr\u00e9dients actifs tr\u00e8s concentr\u00e9s. Pratique, facile d&#039;utilisation et parfaitement dos\u00e9. Effet d\u00e9fatiguant et \u00c9clat imm\u00e9diats\" \/>\n<meta property=\"og:url\" content=\"https:\/\/esthetiquenovani.com\/boutique\/gammes\/laboratoire-dr-renaud\/5-masques\/excellience-masque-tissu-liftant-defatiguant\/\" \/>\n<meta property=\"og:site_name\" content=\"Clinique d&#039;Esth&eacute;tique Novani\" \/>\n<meta property=\"article:publisher\" content=\"https:\/\/www.facebook.com\/esthetiquehturcotte\" \/>\n<meta property=\"article:modified_time\" content=\"2026-02-05T16:01:17+00:00\" \/>\n<meta property=\"og:image\" content=\"https:\/\/esthetiquenovani.com\/wp-content\/uploads\/2020\/06\/masque-tissu-excellience-jeunesse-anti-ride.jpg\" \/>\n\t<meta property=\"og:image:width\" content=\"297\" \/>\n\t<meta property=\"og:image:height\" content=\"398\" \/>\n\t<meta property=\"og:image:type\" content=\"image\/jpeg\" \/>\n<meta name=\"twitter:card\" content=\"summary_large_image\" \/>\n<script type=\"application\/ld+json\" class=\"yoast-schema-graph\">{\"@context\":\"https:\\\/\\\/schema.org\",\"@graph\":[{\"@type\":\"WebPage\",\"@id\":\"https:\\\/\\\/esthetiquenovani.com\\\/boutique\\\/gammes\\\/laboratoire-dr-renaud\\\/5-masques\\\/excellience-masque-tissu-liftant-defatiguant\\\/\",\"url\":\"https:\\\/\\\/esthetiquenovani.com\\\/boutique\\\/gammes\\\/laboratoire-dr-renaud\\\/5-masques\\\/excellience-masque-tissu-liftant-defatiguant\\\/\",\"name\":\"Masque tissu anti-\u00e2ge liftant - Laboratoire Dr Renaud - #achatlocal\",\"isPartOf\":{\"@id\":\"https:\\\/\\\/esthetiquenovani.com\\\/#website\"},\"primaryImageOfPage\":{\"@id\":\"https:\\\/\\\/esthetiquenovani.com\\\/boutique\\\/gammes\\\/laboratoire-dr-renaud\\\/5-masques\\\/excellience-masque-tissu-liftant-defatiguant\\\/#primaryimage\"},\"image\":{\"@id\":\"https:\\\/\\\/esthetiquenovani.com\\\/boutique\\\/gammes\\\/laboratoire-dr-renaud\\\/5-masques\\\/excellience-masque-tissu-liftant-defatiguant\\\/#primaryimage\"},\"thumbnailUrl\":\"https:\\\/\\\/esthetiquenovani.com\\\/wp-content\\\/uploads\\\/2020\\\/06\\\/masque-tissu-excellience-jeunesse-anti-ride.jpg\",\"datePublished\":\"2020-03-21T21:41:06+00:00\",\"dateModified\":\"2026-02-05T16:01:17+00:00\",\"description\":\"Masque imbib\u00e9 d'ingr\u00e9dients actifs tr\u00e8s concentr\u00e9s. Pratique, facile d'utilisation et parfaitement dos\u00e9. Effet d\u00e9fatiguant et \u00c9clat imm\u00e9diats\",\"breadcrumb\":{\"@id\":\"https:\\\/\\\/esthetiquenovani.com\\\/boutique\\\/gammes\\\/laboratoire-dr-renaud\\\/5-masques\\\/excellience-masque-tissu-liftant-defatiguant\\\/#breadcrumb\"},\"inLanguage\":\"en-US\",\"potentialAction\":[{\"@type\":\"ReadAction\",\"target\":[\"https:\\\/\\\/esthetiquenovani.com\\\/boutique\\\/gammes\\\/laboratoire-dr-renaud\\\/5-masques\\\/excellience-masque-tissu-liftant-defatiguant\\\/\"]}]},{\"@type\":\"ImageObject\",\"inLanguage\":\"en-US\",\"@id\":\"https:\\\/\\\/esthetiquenovani.com\\\/boutique\\\/gammes\\\/laboratoire-dr-renaud\\\/5-masques\\\/excellience-masque-tissu-liftant-defatiguant\\\/#primaryimage\",\"url\":\"https:\\\/\\\/esthetiquenovani.com\\\/wp-content\\\/uploads\\\/2020\\\/06\\\/masque-tissu-excellience-jeunesse-anti-ride.jpg\",\"contentUrl\":\"https:\\\/\\\/esthetiquenovani.com\\\/wp-content\\\/uploads\\\/2020\\\/06\\\/masque-tissu-excellience-jeunesse-anti-ride.jpg\",\"width\":297,\"height\":398,\"caption\":\"Dr Renaud \u2013 ExCellience \u2013 Masque tissu \u00ab liftant \u00bb d\u00e9fatiguant\"},{\"@type\":\"BreadcrumbList\",\"@id\":\"https:\\\/\\\/esthetiquenovani.com\\\/boutique\\\/gammes\\\/laboratoire-dr-renaud\\\/5-masques\\\/excellience-masque-tissu-liftant-defatiguant\\\/#breadcrumb\",\"itemListElement\":[{\"@type\":\"ListItem\",\"position\":1,\"name\":\"Accueil\",\"item\":\"https:\\\/\\\/esthetiquenovani.com\\\/en\\\/\"},{\"@type\":\"ListItem\",\"position\":2,\"name\":\"Boutique\",\"item\":\"https:\\\/\\\/esthetiquenovani.com\\\/boutique\\\/\"},{\"@type\":\"ListItem\",\"position\":3,\"name\":\"Dr Renaud \u2013 ExCellience \u2013 Masque tissu \u00ab liftant \u00bb d\u00e9fatiguant\"}]},{\"@type\":\"WebSite\",\"@id\":\"https:\\\/\\\/esthetiquenovani.com\\\/#website\",\"url\":\"https:\\\/\\\/esthetiquenovani.com\\\/\",\"name\":\"Clinique d'Esth&eacute;tique Novani\",\"description\":\"Brossard, Longueil &amp; Chambly\",\"publisher\":{\"@id\":\"https:\\\/\\\/esthetiquenovani.com\\\/#organization\"},\"potentialAction\":[{\"@type\":\"SearchAction\",\"target\":{\"@type\":\"EntryPoint\",\"urlTemplate\":\"https:\\\/\\\/esthetiquenovani.com\\\/?s={search_term_string}\"},\"query-input\":{\"@type\":\"PropertyValueSpecification\",\"valueRequired\":true,\"valueName\":\"search_term_string\"}}],\"inLanguage\":\"en-US\"},{\"@type\":\"Organization\",\"@id\":\"https:\\\/\\\/esthetiquenovani.com\\\/#organization\",\"name\":\"Esth\u00e9tique Huguette Turcotte\",\"url\":\"https:\\\/\\\/esthetiquenovani.com\\\/\",\"logo\":{\"@type\":\"ImageObject\",\"inLanguage\":\"en-US\",\"@id\":\"https:\\\/\\\/esthetiquenovani.com\\\/#\\\/schema\\\/logo\\\/image\\\/\",\"url\":\"https:\\\/\\\/esthetiquenovani.com\\\/wp-content\\\/uploads\\\/2018\\\/01\\\/qui-sommes-nous.jpg\",\"contentUrl\":\"https:\\\/\\\/esthetiquenovani.com\\\/wp-content\\\/uploads\\\/2018\\\/01\\\/qui-sommes-nous.jpg\",\"width\":637,\"height\":425,\"caption\":\"Esth\u00e9tique Huguette Turcotte\"},\"image\":{\"@id\":\"https:\\\/\\\/esthetiquenovani.com\\\/#\\\/schema\\\/logo\\\/image\\\/\"},\"sameAs\":[\"https:\\\/\\\/www.facebook.com\\\/esthetiquehturcotte\"]}]}<\/script>\n<!-- \/ Yoast SEO plugin. -->","yoast_head_json":{"title":"Masque tissu anti-\u00e2ge liftant - Laboratoire Dr Renaud - #achatlocal","description":"Masque imbib\u00e9 d'ingr\u00e9dients actifs tr\u00e8s concentr\u00e9s. Pratique, facile d'utilisation et parfaitement dos\u00e9. Effet d\u00e9fatiguant et \u00c9clat imm\u00e9diats","robots":{"index":"index","follow":"follow","max-snippet":"max-snippet:-1","max-image-preview":"max-image-preview:large","max-video-preview":"max-video-preview:-1"},"canonical":"https:\/\/esthetiquenovani.com\/boutique\/gammes\/laboratoire-dr-renaud\/5-masques\/excellience-masque-tissu-liftant-defatiguant\/","og_locale":"en_US","og_type":"article","og_title":"Masque tissu anti-\u00e2ge liftant - Laboratoire Dr Renaud - #achatlocal","og_description":"Masque imbib\u00e9 d'ingr\u00e9dients actifs tr\u00e8s concentr\u00e9s. Pratique, facile d'utilisation et parfaitement dos\u00e9. Effet d\u00e9fatiguant et \u00c9clat imm\u00e9diats","og_url":"https:\/\/esthetiquenovani.com\/boutique\/gammes\/laboratoire-dr-renaud\/5-masques\/excellience-masque-tissu-liftant-defatiguant\/","og_site_name":"Clinique d'Esth&eacute;tique Novani","article_publisher":"https:\/\/www.facebook.com\/esthetiquehturcotte","article_modified_time":"2026-02-05T16:01:17+00:00","og_image":[{"width":297,"height":398,"url":"https:\/\/esthetiquenovani.com\/wp-content\/uploads\/2020\/06\/masque-tissu-excellience-jeunesse-anti-ride.jpg","type":"image\/jpeg"}],"twitter_card":"summary_large_image","schema":{"@context":"https:\/\/schema.org","@graph":[{"@type":"WebPage","@id":"https:\/\/esthetiquenovani.com\/boutique\/gammes\/laboratoire-dr-renaud\/5-masques\/excellience-masque-tissu-liftant-defatiguant\/","url":"https:\/\/esthetiquenovani.com\/boutique\/gammes\/laboratoire-dr-renaud\/5-masques\/excellience-masque-tissu-liftant-defatiguant\/","name":"Masque tissu anti-\u00e2ge liftant - Laboratoire Dr Renaud - #achatlocal","isPartOf":{"@id":"https:\/\/esthetiquenovani.com\/#website"},"primaryImageOfPage":{"@id":"https:\/\/esthetiquenovani.com\/boutique\/gammes\/laboratoire-dr-renaud\/5-masques\/excellience-masque-tissu-liftant-defatiguant\/#primaryimage"},"image":{"@id":"https:\/\/esthetiquenovani.com\/boutique\/gammes\/laboratoire-dr-renaud\/5-masques\/excellience-masque-tissu-liftant-defatiguant\/#primaryimage"},"thumbnailUrl":"https:\/\/esthetiquenovani.com\/wp-content\/uploads\/2020\/06\/masque-tissu-excellience-jeunesse-anti-ride.jpg","datePublished":"2020-03-21T21:41:06+00:00","dateModified":"2026-02-05T16:01:17+00:00","description":"Masque imbib\u00e9 d'ingr\u00e9dients actifs tr\u00e8s concentr\u00e9s. Pratique, facile d'utilisation et parfaitement dos\u00e9. Effet d\u00e9fatiguant et \u00c9clat imm\u00e9diats","breadcrumb":{"@id":"https:\/\/esthetiquenovani.com\/boutique\/gammes\/laboratoire-dr-renaud\/5-masques\/excellience-masque-tissu-liftant-defatiguant\/#breadcrumb"},"inLanguage":"en-US","potentialAction":[{"@type":"ReadAction","target":["https:\/\/esthetiquenovani.com\/boutique\/gammes\/laboratoire-dr-renaud\/5-masques\/excellience-masque-tissu-liftant-defatiguant\/"]}]},{"@type":"ImageObject","inLanguage":"en-US","@id":"https:\/\/esthetiquenovani.com\/boutique\/gammes\/laboratoire-dr-renaud\/5-masques\/excellience-masque-tissu-liftant-defatiguant\/#primaryimage","url":"https:\/\/esthetiquenovani.com\/wp-content\/uploads\/2020\/06\/masque-tissu-excellience-jeunesse-anti-ride.jpg","contentUrl":"https:\/\/esthetiquenovani.com\/wp-content\/uploads\/2020\/06\/masque-tissu-excellience-jeunesse-anti-ride.jpg","width":297,"height":398,"caption":"Dr Renaud \u2013 ExCellience \u2013 Masque tissu \u00ab liftant \u00bb d\u00e9fatiguant"},{"@type":"BreadcrumbList","@id":"https:\/\/esthetiquenovani.com\/boutique\/gammes\/laboratoire-dr-renaud\/5-masques\/excellience-masque-tissu-liftant-defatiguant\/#breadcrumb","itemListElement":[{"@type":"ListItem","position":1,"name":"Accueil","item":"https:\/\/esthetiquenovani.com\/en\/"},{"@type":"ListItem","position":2,"name":"Boutique","item":"https:\/\/esthetiquenovani.com\/boutique\/"},{"@type":"ListItem","position":3,"name":"Dr Renaud \u2013 ExCellience \u2013 Masque tissu \u00ab liftant \u00bb d\u00e9fatiguant"}]},{"@type":"WebSite","@id":"https:\/\/esthetiquenovani.com\/#website","url":"https:\/\/esthetiquenovani.com\/","name":"Clinique d'Esth&eacute;tique Novani","description":"Brossard, Longueil &amp; Chambly","publisher":{"@id":"https:\/\/esthetiquenovani.com\/#organization"},"potentialAction":[{"@type":"SearchAction","target":{"@type":"EntryPoint","urlTemplate":"https:\/\/esthetiquenovani.com\/?s={search_term_string}"},"query-input":{"@type":"PropertyValueSpecification","valueRequired":true,"valueName":"search_term_string"}}],"inLanguage":"en-US"},{"@type":"Organization","@id":"https:\/\/esthetiquenovani.com\/#organization","name":"Esth\u00e9tique Huguette Turcotte","url":"https:\/\/esthetiquenovani.com\/","logo":{"@type":"ImageObject","inLanguage":"en-US","@id":"https:\/\/esthetiquenovani.com\/#\/schema\/logo\/image\/","url":"https:\/\/esthetiquenovani.com\/wp-content\/uploads\/2018\/01\/qui-sommes-nous.jpg","contentUrl":"https:\/\/esthetiquenovani.com\/wp-content\/uploads\/2018\/01\/qui-sommes-nous.jpg","width":637,"height":425,"caption":"Esth\u00e9tique Huguette Turcotte"},"image":{"@id":"https:\/\/esthetiquenovani.com\/#\/schema\/logo\/image\/"},"sameAs":["https:\/\/www.facebook.com\/esthetiquehturcotte"]}]}},"_links":{"self":[{"href":"https:\/\/esthetiquenovani.com\/en\/wp-json\/wp\/v2\/product\/3222","targetHints":{"allow":["GET"]}}],"collection":[{"href":"https:\/\/esthetiquenovani.com\/en\/wp-json\/wp\/v2\/product"}],"about":[{"href":"https:\/\/esthetiquenovani.com\/en\/wp-json\/wp\/v2\/types\/product"}],"wp:featuredmedia":[{"embeddable":true,"href":"https:\/\/esthetiquenovani.com\/en\/wp-json\/wp\/v2\/media\/4978"}],"wp:attachment":[{"href":"https:\/\/esthetiquenovani.com\/en\/wp-json\/wp\/v2\/media?parent=3222"}],"wp:term":[{"taxonomy":"product_brand","embeddable":true,"href":"https:\/\/esthetiquenovani.com\/en\/wp-json\/wp\/v2\/product_brand?post=3222"},{"taxonomy":"product_cat","embeddable":true,"href":"https:\/\/esthetiquenovani.com\/en\/wp-json\/wp\/v2\/product_cat?post=3222"},{"taxonomy":"product_tag","embeddable":true,"href":"https:\/\/esthetiquenovani.com\/en\/wp-json\/wp\/v2\/product_tag?post=3222"}],"curies":[{"name":"wp","href":"https:\/\/api.w.org\/{rel}","templated":true}]}}